{"id":5322,"date":"2024-08-02T12:03:00","date_gmt":"2024-08-02T12:03:00","guid":{"rendered":"http:\/\/heimdall-gallery.com\/?page_id=5322"},"modified":"2026-04-03T21:38:01","modified_gmt":"2026-04-03T21:38:01","slug":"showroom","status":"publish","type":"page","link":"https:\/\/heimdall-gallery.com\/fr\/showroom\/","title":{"rendered":"Showroom"},"content":{"rendered":"<p>[et_pb_section fb_built=\u00a0\u00bb1&Prime; admin_label=\u00a0\u00bbHeader\u00a0\u00bb module_class=\u00a0\u00bbheader-section\u00a0\u00bb _builder_version=\u00a0\u00bb4.27.4&Prime; _module_preset=\u00a0\u00bbdefault\u00a0\u00bb background_color=\u00a0\u00bbRGBA(255,255,255,0)\u00a0\u00bb background_image=\u00a0\u00bbhttps:\/\/heimdall-gallery.com\/wp-content\/uploads\/2025\/08\/hans-ott-cQdWUEjhIQk-unsplash-3-scaled.jpg\u00a0\u00bb background_blend=\u00a0\u00bboverlay\u00a0\u00bb global_colors_info=\u00a0\u00bb{}\u00a0\u00bb][et_pb_row module_class=\u00a0\u00bbheader-row\u00a0\u00bb _builder_version=\u00a0\u00bb4.27.4&Prime; _module_preset=\u00a0\u00bbdefault\u00a0\u00bb background_enable_image=\u00a0\u00bboff\u00a0\u00bb global_colors_info=\u00a0\u00bb{}\u00a0\u00bb][et_pb_column type=\u00a0\u00bb4_4&Prime; _builder_version=\u00a0\u00bb4.17.4&Prime; _module_preset=\u00a0\u00bbdefault\u00a0\u00bb global_colors_info=\u00a0\u00bb{}\u00a0\u00bb][et_pb_cta title=\u00a0\u00bbVenez nous rendre visite\u00a0\u00bb admin_label=\u00a0\u00bbHeader\u00a0\u00bb module_class=\u00a0\u00bbheader-module\u00a0\u00bb _builder_version=\u00a0\u00bb4.27.4&Prime; _module_preset=\u00a0\u00bbdefault\u00a0\u00bb header_level=\u00a0\u00bbh1&Prime; header_font_size=\u00a0\u00bb70px\u00a0\u00bb use_background_color=\u00a0\u00bboff\u00a0\u00bb animation_style=\u00a0\u00bbfade\u00a0\u00bb animation_duration=\u00a0\u00bb900ms\u00a0\u00bb animation_delay=\u00a0\u00bb2ms\u00a0\u00bb animation_starting_opacity=\u00a0\u00bb2%\u00a0\u00bb global_colors_info=\u00a0\u00bb{}\u00a0\u00bb][\/et_pb_cta][\/et_pb_column][\/et_pb_row][\/et_pb_section][et_pb_section fb_built=\u00a0\u00bb1&Prime; custom_padding_last_edited=\u00a0\u00bbon|tablet\u00a0\u00bb admin_label=\u00a0\u00bbQuote\u00a0\u00bb module_class=\u00a0\u00bbquote-section dc_inverser_colonnes-section\u00a0\u00bb _builder_version=\u00a0\u00bb4.27.4&Prime; _module_preset=\u00a0\u00bbdefault\u00a0\u00bb background_enable_color=\u00a0\u00bboff\u00a0\u00bb custom_margin=\u00a0\u00bb||-1px|||\u00a0\u00bb custom_padding=\u00a0\u00bb||30px||false|false\u00a0\u00bb custom_padding_tablet=\u00a0\u00bb||0px||false|false\u00a0\u00bb custom_padding_phone=\u00a0\u00bb||0px||false|false\u00a0\u00bb custom_css_main_element=\u00a0\u00bbmargin:0 !important;\u00a0\u00bb locked=\u00a0\u00bboff\u00a0\u00bb global_colors_info=\u00a0\u00bb{}\u00a0\u00bb][et_pb_row column_structure=\u00a0\u00bb1_2,1_2&Prime; module_class=\u00a0\u00bbquote-row dc_inverser_colonnes-ligne\u00a0\u00bb _builder_version=\u00a0\u00bb4.27.4&Prime; _module_preset=\u00a0\u00bbdefault\u00a0\u00bb min_height=\u00a0\u00bb327px\u00a0\u00bb custom_padding=\u00a0\u00bb||20px||false|false\u00a0\u00bb global_colors_info=\u00a0\u00bb{}\u00a0\u00bb][et_pb_column type=\u00a0\u00bb1_2&Prime; _builder_version=\u00a0\u00bb4.27.4&Prime; _module_preset=\u00a0\u00bbdefault\u00a0\u00bb global_colors_info=\u00a0\u00bb{}\u00a0\u00bb][et_pb_image src=\u00a0\u00bbhttps:\/\/heimdall-gallery.com\/wp-content\/uploads\/2024\/08\/3showroom-3-scaled.jpeg\u00a0\u00bb title_text=\u00a0\u00bb3showroom\u00a0\u00bb align=\u00a0\u00bbcenter\u00a0\u00bb _builder_version=\u00a0\u00bb4.27.4&Prime; _module_preset=\u00a0\u00bbdefault\u00a0\u00bb background_enable_image=\u00a0\u00bboff\u00a0\u00bb width=\u00a0\u00bb75.2%\u00a0\u00bb width_tablet=\u00a0\u00bb50%\u00a0\u00bb width_phone=\u00a0\u00bb70%\u00a0\u00bb width_last_edited=\u00a0\u00bbon|phone\u00a0\u00bb min_height=\u00a0\u00bb584px\u00a0\u00bb min_height_tablet=\u00a0\u00bb100%\u00a0\u00bb min_height_phone=\u00a0\u00bb100%\u00a0\u00bb min_height_last_edited=\u00a0\u00bbon|tablet\u00a0\u00bb custom_margin=\u00a0\u00bb0px|0px||80px|false|false\u00a0\u00bb custom_margin_tablet=\u00a0\u00bb|||0px|false|false\u00a0\u00bb custom_margin_phone=\u00a0\u00bb|||0px|false|false\u00a0\u00bb custom_margin_last_edited=\u00a0\u00bbon|tablet\u00a0\u00bb custom_padding=\u00a0\u00bb0px|0px|0px|0px|false|false\u00a0\u00bb module_alignment_tablet=\u00a0\u00bbcenter\u00a0\u00bb module_alignment_phone=\u00a0\u00bbcenter\u00a0\u00bb module_alignment_last_edited=\u00a0\u00bbon|tablet\u00a0\u00bb global_colors_info=\u00a0\u00bb{}\u00a0\u00bb][\/et_pb_image][\/et_pb_column][et_pb_column type=\u00a0\u00bb1_2&Prime; _builder_version=\u00a0\u00bb4.27.4&Prime; _module_preset=\u00a0\u00bbdefault\u00a0\u00bb global_colors_info=\u00a0\u00bb{}\u00a0\u00bb][et_pb_text _builder_version=\u00a0\u00bb4.27.4&Prime; _module_preset=\u00a0\u00bbdefault\u00a0\u00bb text_font=\u00a0\u00bb&#8211;et_global_heading_font||||||||\u00a0\u00bb text_font_size=\u00a0\u00bb18px\u00a0\u00bb text_line_height=\u00a0\u00bb1.5em\u00a0\u00bb header_text_align=\u00a0\u00bbcenter\u00a0\u00bb width=\u00a0\u00bb73.7%\u00a0\u00bb width_tablet=\u00a0\u00bb100%\u00a0\u00bb width_phone=\u00a0\u00bb100%\u00a0\u00bb width_last_edited=\u00a0\u00bbon|tablet\u00a0\u00bb min_height=\u00a0\u00bb98px\u00a0\u00bb min_height_tablet=\u00a0\u00bb100%\u00a0\u00bb min_height_phone=\u00a0\u00bb100%\u00a0\u00bb min_height_last_edited=\u00a0\u00bbon|tablet\u00a0\u00bb custom_margin=\u00a0\u00bb|||20px|false|false\u00a0\u00bb custom_margin_tablet=\u00a0\u00bb||10px|0px|false|false\u00a0\u00bb custom_margin_phone=\u00a0\u00bb||10px|0px|false|false\u00a0\u00bb custom_margin_last_edited=\u00a0\u00bbon|phone\u00a0\u00bb custom_padding=\u00a0\u00bb63px||||false|false\u00a0\u00bb custom_padding_tablet=\u00a0\u00bb0px||||false|false\u00a0\u00bb custom_padding_phone=\u00a0\u00bb0px||||false|false\u00a0\u00bb custom_padding_last_edited=\u00a0\u00bbon|tablet\u00a0\u00bb header_2_text_align_tablet=\u00a0\u00bbcenter\u00a0\u00bb header_2_text_align_phone=\u00a0\u00bbcenter\u00a0\u00bb header_2_text_align_last_edited=\u00a0\u00bbon|tablet\u00a0\u00bb header_2_font_size_tablet=\u00a0\u00bb22px\u00a0\u00bb header_2_font_size_phone=\u00a0\u00bb22px\u00a0\u00bb header_2_font_size_last_edited=\u00a0\u00bbon|tablet\u00a0\u00bb global_colors_info=\u00a0\u00bb{}\u00a0\u00bb]<\/p>\n<h2>Un lieu de d\u00e9couverte<\/h2>\n<p>[\/et_pb_text][et_pb_text _builder_version=\u00a0\u00bb4.27.4&Prime; _module_preset=\u00a0\u00bbdefault\u00a0\u00bb text_font_size=\u00a0\u00bb15px\u00a0\u00bb text_line_height=\u00a0\u00bb1.5em\u00a0\u00bb text_orientation=\u00a0\u00bbjustified\u00a0\u00bb width=\u00a0\u00bb73.8%\u00a0\u00bb width_tablet=\u00a0\u00bb100%\u00a0\u00bb width_phone=\u00a0\u00bb100%\u00a0\u00bb width_last_edited=\u00a0\u00bbon|tablet\u00a0\u00bb custom_margin=\u00a0\u00bb0px|29px||20px|false|false\u00a0\u00bb custom_margin_tablet=\u00a0\u00bb0px|0px|30px|0px|false|false\u00a0\u00bb custom_margin_phone=\u00a0\u00bb||25px||false|false\u00a0\u00bb custom_margin_last_edited=\u00a0\u00bbon|phone\u00a0\u00bb custom_padding=\u00a0\u00bb||||false|false\u00a0\u00bb global_colors_info=\u00a0\u00bb{}\u00a0\u00bb]<\/p>\n<p>&#8211; Notre showroom est pens\u00e9 comme un lieu intime o\u00f9 chaque \u0153uvre trouve sa respiration. Dans une atmosph\u00e8re \u00e9pur\u00e9e, nous accueillons collectionneurs et visiteurs pour des moments privil\u00e9gi\u00e9s.<\/p>\n<p>&#8211; Chaque accrochage met en lumi\u00e8re l\u2019exigence et la ma\u00eetrise des artistes que nous repr\u00e9sentons. De la pr\u00e9cision du geste \u00e0 la force des mati\u00e8res, leurs savoir-faire singuliers se r\u00e9v\u00e8lent dans un dialogue subtil avec l\u2019espace.<\/p>\n<p>&#8211; Le showroom devient ainsi le prolongement de leur atelier, un lieu o\u00f9 la passion et l\u2019authenticit\u00e9 de la cr\u00e9ation nordique s\u2019offrent \u00e0 la contemplation.<\/p>\n<p>[\/et_pb_text][\/et_pb_column][\/et_pb_row][\/et_pb_section][et_pb_section fb_built=\u00a0\u00bb1&Prime; _builder_version=\u00a0\u00bb4.27.4&Prime; _module_preset=\u00a0\u00bbdefault\u00a0\u00bb background_color=\u00a0\u00bb#0c2633&Prime; custom_padding=\u00a0\u00bb||||false|false\u00a0\u00bb locked=\u00a0\u00bboff\u00a0\u00bb global_colors_info=\u00a0\u00bb{}\u00a0\u00bb][et_pb_row column_structure=\u00a0\u00bb1_2,1_2&Prime; _builder_version=\u00a0\u00bb4.27.4&Prime; _module_preset=\u00a0\u00bbdefault\u00a0\u00bb min_height=\u00a0\u00bb529.5px\u00a0\u00bb custom_margin=\u00a0\u00bb|auto|0px|auto|false|false\u00a0\u00bb custom_padding=\u00a0\u00bb0px||3px|||\u00a0\u00bb global_colors_info=\u00a0\u00bb{}\u00a0\u00bb][et_pb_column type=\u00a0\u00bb1_2&Prime; _builder_version=\u00a0\u00bb4.27.4&Prime; _module_preset=\u00a0\u00bbdefault\u00a0\u00bb global_colors_info=\u00a0\u00bb{}\u00a0\u00bb][et_pb_text _builder_version=\u00a0\u00bb4.27.4&Prime; _module_preset=\u00a0\u00bbdefault\u00a0\u00bb text_font=\u00a0\u00bb|||on|||||\u00a0\u00bb text_text_color=\u00a0\u00bb#FFFFFF\u00a0\u00bb text_orientation=\u00a0\u00bbcenter\u00a0\u00bb min_height=\u00a0\u00bb22px\u00a0\u00bb min_height_tablet=\u00a0\u00bb100%\u00a0\u00bb min_height_phone=\u00a0\u00bb100%\u00a0\u00bb min_height_last_edited=\u00a0\u00bbon|tablet\u00a0\u00bb custom_margin=\u00a0\u00bb||16px|||\u00a0\u00bb custom_padding=\u00a0\u00bb||||false|false\u00a0\u00bb header_2_font_size_tablet=\u00a0\u00bb22px\u00a0\u00bb header_2_font_size_phone=\u00a0\u00bb22px\u00a0\u00bb header_2_font_size_last_edited=\u00a0\u00bbon|tablet\u00a0\u00bb global_colors_info=\u00a0\u00bb{}\u00a0\u00bb]<\/p>\n<h2><span style=\"color: #ffffff;\">Horaires d&rsquo;ouverture:<\/span><\/h2>\n<p>[\/et_pb_text][et_pb_text _builder_version=\u00a0\u00bb4.27.4&Prime; _module_preset=\u00a0\u00bbdefault\u00a0\u00bb text_font=\u00a0\u00bb|||on|||||\u00a0\u00bb text_text_color=\u00a0\u00bb#FFFFFF\u00a0\u00bb text_orientation=\u00a0\u00bbcenter\u00a0\u00bb custom_margin=\u00a0\u00bb0px||||false|false\u00a0\u00bb custom_padding=\u00a0\u00bb||||false|false\u00a0\u00bb hover_enabled=\u00a0\u00bb0&Prime; global_colors_info=\u00a0\u00bb{}\u00a0\u00bb sticky_enabled=\u00a0\u00bb0&Prime;]<\/p>\n<p><span style=\"color: #ffffff;\">Vendredi : 10-12 h \/ 15-19h<\/span><\/p>\n<p><span style=\"color: #ffffff;\"> Samedi: 10-12 h \/ 15-19h<\/span><\/p>\n<p><span style=\"color: #ffffff;\">Dimanche : 10-12 h \/ 15-17h<\/span><\/p>\n<p><span style=\"color: #ffffff;\"><\/span><\/p>\n<p><span style=\"text-decoration: underline;\"><span style=\"color: #ffffff; text-decoration: underline;\">La galerie est actuellement ferm\u00e9e et r\u00e9ouvrira le 24 avril<\/span><\/span><\/p>\n<p>[\/et_pb_text][et_pb_divider _builder_version=\u00a0\u00bb4.27.4&Prime; _module_preset=\u00a0\u00bbdefault\u00a0\u00bb custom_margin=\u00a0\u00bb||-1px|||\u00a0\u00bb custom_margin_tablet=\u00a0\u00bb0px||0px||false|false\u00a0\u00bb custom_margin_phone=\u00a0\u00bb0px||0px||false|false\u00a0\u00bb custom_margin_last_edited=\u00a0\u00bbon|tablet\u00a0\u00bb custom_padding_tablet=\u00a0\u00bb0px||0px||false|false\u00a0\u00bb custom_padding_phone=\u00a0\u00bb0px||0px||false|false\u00a0\u00bb custom_padding_last_edited=\u00a0\u00bbon|tablet\u00a0\u00bb global_colors_info=\u00a0\u00bb{}\u00a0\u00bb][\/et_pb_divider][et_pb_text module_id=\u00a0\u00bbcolor-white-text\u00a0\u00bb _builder_version=\u00a0\u00bb4.27.4&Prime; _module_preset=\u00a0\u00bbdefault\u00a0\u00bb text_text_color=\u00a0\u00bb#FFFFFF\u00a0\u00bb text_orientation=\u00a0\u00bbcenter\u00a0\u00bb custom_margin=\u00a0\u00bb20px||||false|false\u00a0\u00bb custom_css_main_element=\u00a0\u00bbcolor: white !important;\u00a0\u00bb custom_css_free_form=\u00a0\u00bb#color-white-text p{||  color: white !important;||}\u00a0\u00bb locked=\u00a0\u00bboff\u00a0\u00bb global_colors_info=\u00a0\u00bb{}\u00a0\u00bb button_text_size_tablet=\u00a0\u00bb14px\u00a0\u00bb button_text_size_phone=\u00a0\u00bb13px\u00a0\u00bb button_text_size_last_edited=\u00a0\u00bbon|phone\u00a0\u00bb]<\/p>\n<p>2. Impasse Camp d\u2019Ambel<br \/>38250 Villard de Lans, France<\/p>\n<p>[\/et_pb_text][et_pb_button button_url=\u00a0\u00bbhttp:\/\/google.fr\/maps\/place\/Heimdall+Gallery\/@45.0715306,5.5488215,17z\/data=!3m1!4b1!4m6!3m5!1s0x478a91185aa24b73:0x97d0077fea003bae!8m2!3d45.0715306!4d5.5513964!16s%2Fg%2F11ts2khgrp?entry=ttu&#038;g_ep=EgoyMDI1MDgxOS4wIKXMDSoASAFQAw%3D%3D\u00a0\u00bb url_new_window=\u00a0\u00bbon\u00a0\u00bb button_text=\u00a0\u00bbRetrouvez nous\u00a0\u00bb button_alignment=\u00a0\u00bbcenter\u00a0\u00bb _builder_version=\u00a0\u00bb4.27.4&Prime; _module_preset=\u00a0\u00bbdefault\u00a0\u00bb custom_button=\u00a0\u00bbon\u00a0\u00bb button_text_size=\u00a0\u00bb20px\u00a0\u00bb button_border_width=\u00a0\u00bb1px\u00a0\u00bb background_layout=\u00a0\u00bbdark\u00a0\u00bb custom_margin=\u00a0\u00bb-25px|||||\u00a0\u00bb custom_margin_tablet=\u00a0\u00bb0px||||false|false\u00a0\u00bb custom_margin_phone=\u00a0\u00bb0px||||false|false\u00a0\u00bb custom_margin_last_edited=\u00a0\u00bbon|phone\u00a0\u00bb button_text_size_tablet=\u00a0\u00bb14px\u00a0\u00bb button_text_size_phone=\u00a0\u00bb13px\u00a0\u00bb button_text_size_last_edited=\u00a0\u00bbon|phone\u00a0\u00bb global_colors_info=\u00a0\u00bb{}\u00a0\u00bb][\/et_pb_button][\/et_pb_column][et_pb_column type=\u00a0\u00bb1_2&Prime; _builder_version=\u00a0\u00bb4.27.4&Prime; _module_preset=\u00a0\u00bbdefault\u00a0\u00bb global_colors_info=\u00a0\u00bb{}\u00a0\u00bb][et_pb_slider _builder_version=\u00a0\u00bb4.27.4&Prime; _module_preset=\u00a0\u00bbdefault\u00a0\u00bb width=\u00a0\u00bb64.4%\u00a0\u00bb width_tablet=\u00a0\u00bb461px\u00a0\u00bb width_phone=\u00a0\u00bb300px\u00a0\u00bb width_last_edited=\u00a0\u00bbon|phone\u00a0\u00bb height_tablet=\u00a0\u00bb614px\u00a0\u00bb height_phone=\u00a0\u00bb400px\u00a0\u00bb height_last_edited=\u00a0\u00bbon|tablet\u00a0\u00bb custom_margin=\u00a0\u00bb|||80px|false|false\u00a0\u00bb custom_margin_tablet=\u00a0\u00bb|||0px|false|false\u00a0\u00bb custom_margin_phone=\u00a0\u00bb|||0px|false|false\u00a0\u00bb custom_margin_last_edited=\u00a0\u00bbon|tablet\u00a0\u00bb custom_padding=\u00a0\u00bb||423px|||\u00a0\u00bb custom_padding_tablet=\u00a0\u00bb||0px||false|false\u00a0\u00bb custom_padding_phone=\u00a0\u00bb||0px||false|false\u00a0\u00bb custom_padding_last_edited=\u00a0\u00bbon|tablet\u00a0\u00bb auto=\u00a0\u00bbon\u00a0\u00bb auto_speed=\u00a0\u00bb6000&Prime; module_alignment_tablet=\u00a0\u00bbcenter\u00a0\u00bb module_alignment_phone=\u00a0\u00bbcenter\u00a0\u00bb module_alignment_last_edited=\u00a0\u00bbon|tablet\u00a0\u00bb global_colors_info=\u00a0\u00bb{}\u00a0\u00bb][et_pb_slide _builder_version=\u00a0\u00bb4.27.4&Prime; _module_preset=\u00a0\u00bbdefault\u00a0\u00bb background_image=\u00a0\u00bbhttps:\/\/heimdall-gallery.com\/wp-content\/uploads\/2025\/08\/IMG_2423-scaled.jpeg\u00a0\u00bb background_enable_image=\u00a0\u00bbon\u00a0\u00bb global_colors_info=\u00a0\u00bb{}\u00a0\u00bb sticky_transition=\u00a0\u00bbon\u00a0\u00bb][\/et_pb_slide][et_pb_slide _builder_version=\u00a0\u00bb4.27.4&Prime; _module_preset=\u00a0\u00bbdefault\u00a0\u00bb background_enable_color=\u00a0\u00bboff\u00a0\u00bb background_image=\u00a0\u00bbhttps:\/\/heimdall-gallery.com\/wp-content\/uploads\/2025\/08\/IMG_2422-scaled.jpeg\u00a0\u00bb background_enable_image=\u00a0\u00bbon\u00a0\u00bb global_colors_info=\u00a0\u00bb{}\u00a0\u00bb sticky_transition=\u00a0\u00bbon\u00a0\u00bb][\/et_pb_slide][et_pb_slide _builder_version=\u00a0\u00bb4.27.4&Prime; _module_preset=\u00a0\u00bbdefault\u00a0\u00bb background_enable_color=\u00a0\u00bboff\u00a0\u00bb background_image=\u00a0\u00bbhttps:\/\/heimdall-gallery.com\/wp-content\/uploads\/2025\/08\/IMG_3319-scaled.jpg\u00a0\u00bb background_enable_image=\u00a0\u00bbon\u00a0\u00bb global_colors_info=\u00a0\u00bb{}\u00a0\u00bb sticky_transition=\u00a0\u00bbon\u00a0\u00bb][\/et_pb_slide][et_pb_slide _builder_version=\u00a0\u00bb4.27.4&Prime; _module_preset=\u00a0\u00bbdefault\u00a0\u00bb background_enable_color=\u00a0\u00bboff\u00a0\u00bb background_image=\u00a0\u00bbhttps:\/\/heimdall-gallery.com\/wp-content\/uploads\/2024\/11\/Thengius_Jotunheim_O120_2024_angle1-scaled.jpeg\u00a0\u00bb background_enable_image=\u00a0\u00bbon\u00a0\u00bb global_colors_info=\u00a0\u00bb{}\u00a0\u00bb sticky_transition=\u00a0\u00bbon\u00a0\u00bb][\/et_pb_slide][\/et_pb_slider][\/et_pb_column][\/et_pb_row][\/et_pb_section][et_pb_section fb_built=\u00a0\u00bb1&Prime; _builder_version=\u00a0\u00bb4.27.4&Prime; _module_preset=\u00a0\u00bbdefault\u00a0\u00bb custom_padding=\u00a0\u00bb1px||2px|||\u00a0\u00bb locked=\u00a0\u00bboff\u00a0\u00bb global_colors_info=\u00a0\u00bb{}\u00a0\u00bb][et_pb_row custom_padding_last_edited=\u00a0\u00bbon|tablet\u00a0\u00bb _builder_version=\u00a0\u00bb4.27.4&Prime; _module_preset=\u00a0\u00bbdefault\u00a0\u00bb width=\u00a0\u00bb100%\u00a0\u00bb width_tablet=\u00a0\u00bb90%\u00a0\u00bb width_phone=\u00a0\u00bb90%\u00a0\u00bb width_last_edited=\u00a0\u00bbon|tablet\u00a0\u00bb custom_padding_tablet=\u00a0\u00bb0px||0px||false|false\u00a0\u00bb custom_padding_phone=\u00a0\u00bb0px||0px||false|false\u00a0\u00bb global_colors_info=\u00a0\u00bb{}\u00a0\u00bb][et_pb_column type=\u00a0\u00bb4_4&Prime; _builder_version=\u00a0\u00bb4.27.4&Prime; _module_preset=\u00a0\u00bbdefault\u00a0\u00bb global_colors_info=\u00a0\u00bb{}\u00a0\u00bb][et_pb_cta _builder_version=\u00a0\u00bb4.27.4&Prime; _module_preset=\u00a0\u00bbdefault\u00a0\u00bb header_font=\u00a0\u00bb&#8211;et_global_heading_font||||||||\u00a0\u00bb body_font=\u00a0\u00bb&#8211;et_global_body_font||on||||||\u00a0\u00bb body_font_size=\u00a0\u00bb40px\u00a0\u00bb background_enable_color=\u00a0\u00bboff\u00a0\u00bb global_colors_info=\u00a0\u00bb{}\u00a0\u00bb custom_css_main_element_last_edited=\u00a0\u00bbon|phone\u00a0\u00bb custom_css_main_element_tablet=\u00a0\u00bbpadding: 35px !important;\u00a0\u00bb custom_css_promo_description_last_edited=\u00a0\u00bbon|tablet\u00a0\u00bb custom_css_promo_description_tablet=\u00a0\u00bbpadding-bottom: 0px !important;\u00a0\u00bb custom_css_main_element_phone=\u00a0\u00bbpadding: 30px 0px !important\u00a0\u00bb custom_css_promo_description_phone=\u00a0\u00bbpadding-bottom: 0px !important;\u00a0\u00bb]<\/p>\n<p>\u00ab\u00a0L&rsquo;art scandinave s&rsquo;exprime par sa lumi\u00e8re et sa simplicit\u00e9.<br \/>Heimdall Gallery en est le reflet.\u00a0\u00bb<\/p>\n<p>[\/et_pb_cta][\/et_pb_column][\/et_pb_row][\/et_pb_section]<\/p>\n","protected":false},"excerpt":{"rendered":"<p>Un lieu de d\u00e9couverte- Notre showroom est pens\u00e9 comme un lieu intime o\u00f9 chaque \u0153uvre trouve sa respiration. Dans une atmosph\u00e8re \u00e9pur\u00e9e, nous accueillons collectionneurs et visiteurs pour des moments privil\u00e9gi\u00e9s. &#8211; Chaque accrochage met en lumi\u00e8re l\u2019exigence et la ma\u00eetrise des artistes que nous repr\u00e9sentons. De la pr\u00e9cision du geste \u00e0 la force des mati\u00e8res, leurs savoir-faire singuliers se r\u00e9v\u00e8lent dans un dialogue subtil avec l\u2019espace. &#8211; Le showroom devient ainsi le prolongement de leur atelier, un lieu o\u00f9 la passion et l\u2019authenticit\u00e9 de la cr\u00e9ation nordique s\u2019offrent \u00e0 la contemplation.Horaires d&rsquo;ouverture:Vendredi : 10-12 h \/ 15-19h Samedi: 10-12 h \/ 15-19h Dimanche : 10-12 h \/ 15-17h La galerie est actuellement ferm\u00e9e et r\u00e9ouvrira le 24 avril2. Impasse Camp d\u2019Ambel38250 Villard de Lans, France\u00a0\u00bbL&rsquo;art scandinave s&rsquo;exprime par sa lumi\u00e8re et sa simplicit\u00e9.Heimdall Gallery en est le reflet.\u00a0\u00bb<\/p>\n","protected":false},"author":7,"featured_media":0,"parent":0,"menu_order":0,"comment_status":"closed","ping_status":"closed","template":"","meta":{"_et_pb_use_builder":"on","_et_pb_old_content":"","_et_gb_content_width":"","footnotes":""},"class_list":["post-5322","page","type-page","status-publish","hentry"],"yoast_head":"<!-- This site is optimized with the Yoast SEO plugin v27.5 - https:\/\/yoast.com\/product\/yoast-seo-wordpress\/ -->\n<title>Showroom - Heimdall Gallery<\/title>\n<meta name=\"robots\" content=\"index, follow, max-snippet:-1, max-image-preview:large, max-video-preview:-1\" \/>\n<link rel=\"canonical\" href=\"https:\/\/heimdall-gallery.com\/fr\/showroom\/\" \/>\n<meta property=\"og:locale\" content=\"fr_FR\" \/>\n<meta property=\"og:type\" content=\"article\" \/>\n<meta property=\"og:title\" content=\"Showroom - Heimdall Gallery\" \/>\n<meta property=\"og:description\" content=\"Un lieu de d\u00e9couverte- Notre showroom est pens\u00e9 comme un lieu intime o\u00f9 chaque \u0153uvre trouve sa respiration. Dans une atmosph\u00e8re \u00e9pur\u00e9e, nous accueillons collectionneurs et visiteurs pour des moments privil\u00e9gi\u00e9s. - Chaque accrochage met en lumi\u00e8re l\u2019exigence et la ma\u00eetrise des artistes que nous repr\u00e9sentons. De la pr\u00e9cision du geste \u00e0 la force des mati\u00e8res, leurs savoir-faire singuliers se r\u00e9v\u00e8lent dans un dialogue subtil avec l\u2019espace. - Le showroom devient ainsi le prolongement de leur atelier, un lieu o\u00f9 la passion et l\u2019authenticit\u00e9 de la cr\u00e9ation nordique s\u2019offrent \u00e0 la contemplation.Horaires d&#039;ouverture:Vendredi : 10-12 h \/ 15-19h Samedi: 10-12 h \/ 15-19h Dimanche : 10-12 h \/ 15-17h La galerie est actuellement ferm\u00e9e et r\u00e9ouvrira le 24 avril2. Impasse Camp d\u2019Ambel38250 Villard de Lans, France&quot;L&#039;art scandinave s&#039;exprime par sa lumi\u00e8re et sa simplicit\u00e9.Heimdall Gallery en est le reflet.&quot;\" \/>\n<meta property=\"og:url\" content=\"https:\/\/heimdall-gallery.com\/fr\/showroom\/\" \/>\n<meta property=\"og:site_name\" content=\"Heimdall Gallery\" \/>\n<meta property=\"article:modified_time\" content=\"2026-04-03T21:38:01+00:00\" \/>\n<meta property=\"og:image\" content=\"https:\/\/heimdall-gallery.com\/wp-content\/uploads\/2025\/09\/Logo-Heimdall-Gallery.jpg\" \/>\n\t<meta property=\"og:image:width\" content=\"1200\" \/>\n\t<meta property=\"og:image:height\" content=\"675\" \/>\n\t<meta property=\"og:image:type\" content=\"image\/jpeg\" \/>\n<meta name=\"twitter:card\" content=\"summary_large_image\" \/>\n<meta name=\"twitter:label1\" content=\"Dur\u00e9e de lecture estim\u00e9e\" \/>\n\t<meta name=\"twitter:data1\" content=\"8 minutes\" \/>\n<script type=\"application\/ld+json\" class=\"yoast-schema-graph\">{\"@context\":\"https:\\\/\\\/schema.org\",\"@graph\":[{\"@type\":\"WebPage\",\"@id\":\"https:\\\/\\\/heimdall-gallery.com\\\/fr\\\/showroom\\\/\",\"url\":\"https:\\\/\\\/heimdall-gallery.com\\\/fr\\\/showroom\\\/\",\"name\":\"Showroom - Heimdall Gallery\",\"isPartOf\":{\"@id\":\"https:\\\/\\\/heimdall-gallery.com\\\/fr\\\/#website\"},\"datePublished\":\"2024-08-02T12:03:00+00:00\",\"dateModified\":\"2026-04-03T21:38:01+00:00\",\"breadcrumb\":{\"@id\":\"https:\\\/\\\/heimdall-gallery.com\\\/fr\\\/showroom\\\/#breadcrumb\"},\"inLanguage\":\"fr-FR\",\"potentialAction\":[{\"@type\":\"ReadAction\",\"target\":[\"https:\\\/\\\/heimdall-gallery.com\\\/fr\\\/showroom\\\/\"]}]},{\"@type\":\"BreadcrumbList\",\"@id\":\"https:\\\/\\\/heimdall-gallery.com\\\/fr\\\/showroom\\\/#breadcrumb\",\"itemListElement\":[{\"@type\":\"ListItem\",\"position\":1,\"name\":\"Home\",\"item\":\"https:\\\/\\\/heimdall-gallery.com\\\/fr\\\/\"},{\"@type\":\"ListItem\",\"position\":2,\"name\":\"Showroom\"}]},{\"@type\":\"WebSite\",\"@id\":\"https:\\\/\\\/heimdall-gallery.com\\\/fr\\\/#website\",\"url\":\"https:\\\/\\\/heimdall-gallery.com\\\/fr\\\/\",\"name\":\"Heimdall Gallery\",\"description\":\"La beaut\u00e9 de la Scandinavie pour les passionn\u00e9s\",\"publisher\":{\"@id\":\"https:\\\/\\\/heimdall-gallery.com\\\/fr\\\/#organization\"},\"potentialAction\":[{\"@type\":\"SearchAction\",\"target\":{\"@type\":\"EntryPoint\",\"urlTemplate\":\"https:\\\/\\\/heimdall-gallery.com\\\/fr\\\/?s={search_term_string}\"},\"query-input\":{\"@type\":\"PropertyValueSpecification\",\"valueRequired\":true,\"valueName\":\"search_term_string\"}}],\"inLanguage\":\"fr-FR\"},{\"@type\":\"Organization\",\"@id\":\"https:\\\/\\\/heimdall-gallery.com\\\/fr\\\/#organization\",\"name\":\"Heimdall Gallery\",\"url\":\"https:\\\/\\\/heimdall-gallery.com\\\/fr\\\/\",\"logo\":{\"@type\":\"ImageObject\",\"inLanguage\":\"fr-FR\",\"@id\":\"https:\\\/\\\/heimdall-gallery.com\\\/fr\\\/#\\\/schema\\\/logo\\\/image\\\/\",\"url\":\"https:\\\/\\\/heimdall-gallery.com\\\/wp-content\\\/uploads\\\/2025\\\/08\\\/20220801_heimdall_logotype-bleu.jpg\",\"contentUrl\":\"https:\\\/\\\/heimdall-gallery.com\\\/wp-content\\\/uploads\\\/2025\\\/08\\\/20220801_heimdall_logotype-bleu.jpg\",\"width\":800,\"height\":800,\"caption\":\"Heimdall Gallery\"},\"image\":{\"@id\":\"https:\\\/\\\/heimdall-gallery.com\\\/fr\\\/#\\\/schema\\\/logo\\\/image\\\/\"},\"sameAs\":[\"https:\\\/\\\/www.instagram.com\\\/heimdall.gallery\\\/\"]}]}<\/script>\n<!-- \/ Yoast SEO plugin. -->","yoast_head_json":{"title":"Showroom - Heimdall Gallery","robots":{"index":"index","follow":"follow","max-snippet":"max-snippet:-1","max-image-preview":"max-image-preview:large","max-video-preview":"max-video-preview:-1"},"canonical":"https:\/\/heimdall-gallery.com\/fr\/showroom\/","og_locale":"fr_FR","og_type":"article","og_title":"Showroom - Heimdall Gallery","og_description":"Un lieu de d\u00e9couverte- Notre showroom est pens\u00e9 comme un lieu intime o\u00f9 chaque \u0153uvre trouve sa respiration. Dans une atmosph\u00e8re \u00e9pur\u00e9e, nous accueillons collectionneurs et visiteurs pour des moments privil\u00e9gi\u00e9s. - Chaque accrochage met en lumi\u00e8re l\u2019exigence et la ma\u00eetrise des artistes que nous repr\u00e9sentons. De la pr\u00e9cision du geste \u00e0 la force des mati\u00e8res, leurs savoir-faire singuliers se r\u00e9v\u00e8lent dans un dialogue subtil avec l\u2019espace. - Le showroom devient ainsi le prolongement de leur atelier, un lieu o\u00f9 la passion et l\u2019authenticit\u00e9 de la cr\u00e9ation nordique s\u2019offrent \u00e0 la contemplation.Horaires d'ouverture:Vendredi : 10-12 h \/ 15-19h Samedi: 10-12 h \/ 15-19h Dimanche : 10-12 h \/ 15-17h La galerie est actuellement ferm\u00e9e et r\u00e9ouvrira le 24 avril2. Impasse Camp d\u2019Ambel38250 Villard de Lans, France\"L'art scandinave s'exprime par sa lumi\u00e8re et sa simplicit\u00e9.Heimdall Gallery en est le reflet.\"","og_url":"https:\/\/heimdall-gallery.com\/fr\/showroom\/","og_site_name":"Heimdall Gallery","article_modified_time":"2026-04-03T21:38:01+00:00","og_image":[{"width":1200,"height":675,"url":"https:\/\/heimdall-gallery.com\/wp-content\/uploads\/2025\/09\/Logo-Heimdall-Gallery.jpg","type":"image\/jpeg"}],"twitter_card":"summary_large_image","twitter_misc":{"Dur\u00e9e de lecture estim\u00e9e":"8 minutes"},"schema":{"@context":"https:\/\/schema.org","@graph":[{"@type":"WebPage","@id":"https:\/\/heimdall-gallery.com\/fr\/showroom\/","url":"https:\/\/heimdall-gallery.com\/fr\/showroom\/","name":"Showroom - Heimdall Gallery","isPartOf":{"@id":"https:\/\/heimdall-gallery.com\/fr\/#website"},"datePublished":"2024-08-02T12:03:00+00:00","dateModified":"2026-04-03T21:38:01+00:00","breadcrumb":{"@id":"https:\/\/heimdall-gallery.com\/fr\/showroom\/#breadcrumb"},"inLanguage":"fr-FR","potentialAction":[{"@type":"ReadAction","target":["https:\/\/heimdall-gallery.com\/fr\/showroom\/"]}]},{"@type":"BreadcrumbList","@id":"https:\/\/heimdall-gallery.com\/fr\/showroom\/#breadcrumb","itemListElement":[{"@type":"ListItem","position":1,"name":"Home","item":"https:\/\/heimdall-gallery.com\/fr\/"},{"@type":"ListItem","position":2,"name":"Showroom"}]},{"@type":"WebSite","@id":"https:\/\/heimdall-gallery.com\/fr\/#website","url":"https:\/\/heimdall-gallery.com\/fr\/","name":"Heimdall Gallery","description":"La beaut\u00e9 de la Scandinavie pour les passionn\u00e9s","publisher":{"@id":"https:\/\/heimdall-gallery.com\/fr\/#organization"},"potentialAction":[{"@type":"SearchAction","target":{"@type":"EntryPoint","urlTemplate":"https:\/\/heimdall-gallery.com\/fr\/?s={search_term_string}"},"query-input":{"@type":"PropertyValueSpecification","valueRequired":true,"valueName":"search_term_string"}}],"inLanguage":"fr-FR"},{"@type":"Organization","@id":"https:\/\/heimdall-gallery.com\/fr\/#organization","name":"Heimdall Gallery","url":"https:\/\/heimdall-gallery.com\/fr\/","logo":{"@type":"ImageObject","inLanguage":"fr-FR","@id":"https:\/\/heimdall-gallery.com\/fr\/#\/schema\/logo\/image\/","url":"https:\/\/heimdall-gallery.com\/wp-content\/uploads\/2025\/08\/20220801_heimdall_logotype-bleu.jpg","contentUrl":"https:\/\/heimdall-gallery.com\/wp-content\/uploads\/2025\/08\/20220801_heimdall_logotype-bleu.jpg","width":800,"height":800,"caption":"Heimdall Gallery"},"image":{"@id":"https:\/\/heimdall-gallery.com\/fr\/#\/schema\/logo\/image\/"},"sameAs":["https:\/\/www.instagram.com\/heimdall.gallery\/"]}]}},"_links":{"self":[{"href":"https:\/\/heimdall-gallery.com\/fr\/wp-json\/wp\/v2\/pages\/5322","targetHints":{"allow":["GET"]}}],"collection":[{"href":"https:\/\/heimdall-gallery.com\/fr\/wp-json\/wp\/v2\/pages"}],"about":[{"href":"https:\/\/heimdall-gallery.com\/fr\/wp-json\/wp\/v2\/types\/page"}],"author":[{"embeddable":true,"href":"https:\/\/heimdall-gallery.com\/fr\/wp-json\/wp\/v2\/users\/7"}],"replies":[{"embeddable":true,"href":"https:\/\/heimdall-gallery.com\/fr\/wp-json\/wp\/v2\/comments?post=5322"}],"version-history":[{"count":39,"href":"https:\/\/heimdall-gallery.com\/fr\/wp-json\/wp\/v2\/pages\/5322\/revisions"}],"predecessor-version":[{"id":10422,"href":"https:\/\/heimdall-gallery.com\/fr\/wp-json\/wp\/v2\/pages\/5322\/revisions\/10422"}],"wp:attachment":[{"href":"https:\/\/heimdall-gallery.com\/fr\/wp-json\/wp\/v2\/media?parent=5322"}],"curies":[{"name":"wp","href":"https:\/\/api.w.org\/{rel}","templated":true}]}}